{"id":3253,"date":"2023-07-12T16:18:48","date_gmt":"2023-07-12T16:18:48","guid":{"rendered":"https:\/\/hotelsouldejavea.com\/habitacion-doble-vista-mar\/"},"modified":"2025-04-15T09:03:46","modified_gmt":"2025-04-15T09:03:46","slug":"chambre-double-avec-vue-mer","status":"publish","type":"page","link":"https:\/\/hotelsouldejavea.com\/fr\/chambre-double-avec-vue-mer\/","title":{"rendered":"Chambre double avec vue mer"},"content":{"rendered":"<div class=\"wpb-content-wrapper\">[vc_row css=\u00a0\u00bb.vc_custom_1739883029292{padding-top: 5% !important;padding-right: 5% !important;padding-bottom: 5% !important;padding-left: 5% !important;}\u00a0\u00bb][vc_column][vc_column_text css=\u00a0\u00bb\u00a0\u00bb]\n<h2 class=\"thin-font\" style=\"text-align: left;\"><span style=\"font-size: 150%;\">Chambre double avec vue mer<\/span><\/h2>\n[\/vc_column_text][vc_empty_space height=\u00a0\u00bb32px\u00a0\u00bb][vc_row_inner gap=\u00a0\u00bb35&Prime;][vc_column_inner width=\u00a0\u00bb1\/2&Prime;][vc_single_image image=\u00a0\u00bb3660&Prime; alignment=\u00a0\u00bbcenter\u00a0\u00bb css=\u00a0\u00bb\u00a0\u00bb img_size=\u00a0\u00bblarge\u00a0\u00bb][\/vc_column_inner][vc_column_inner width=\u00a0\u00bb1\/2&Prime;][vc_column_text css=\u00a0\u00bb\u00a0\u00bb]Les chambres doubles disposent d&rsquo;une salle de bain compl\u00e8te avec douche, d&rsquo;un lit double de 1,80 m\u00e8tre et d&rsquo;un balcon avec vue sur la mer \u00e0 J\u00e1vea.[\/vc_column_text][vc_column_text css=\u00a0\u00bb.vc_custom_1744186990968{border-bottom-width: 2% !important;}\u00a0\u00bb]Petit d\u00e9jeuner inclus.[\/vc_column_text][vc_empty_space height=\u00a0\u00bb22px\u00a0\u00bb][vc_column_text css=\u00a0\u00bb\u00a0\u00bb]\n<ul>\n<li><strong>Balcon avec vue sur la mer<\/strong><\/li>\n<li>Maximum 2 adultes<\/li>\n<li>Lit de 180cm<\/li>\n<li>Douche<\/li>\n<li>Coffre-fort gratuit<\/li>\n<li>Produits de toilette Rituals<\/li>\n<li>Interdiction de fumer<\/li>\n<\/ul>\n[\/vc_column_text][vc_empty_space][vc_btn style=\u00a0\u00bboutline-custom\u00a0\u00bb outline_custom_color=\u00a0\u00bb#20BEC9&Prime; outline_custom_hover_background=\u00a0\u00bb#20BEC9&Prime; shape=\u00a0\u00bbsquare\u00a0\u00bb size=\u00a0\u00bblg\u00a0\u00bb align=\u00a0\u00bbcenter\u00a0\u00bb i_icon_fontawesome=\u00a0\u00bbfar fa-calendar-check\u00a0\u00bb css=\u00a0\u00bb\u00a0\u00bb button_block=\u00a0\u00bbtrue\u00a0\u00bb add_icon=\u00a0\u00bbtrue\u00a0\u00bb link=\u00a0\u00bburl:https%3A%2F%2Fdirect-book.com%2Fproperties%2FHotelSouldeJavea%3Flocale%3Dfr%26items%5B0%5D%5Badults%5D%3D2%26items%5B0%5D%5Bchildren%5D%3D0%26items%5B0%5D%5Binfants%5D%3D0%26currency%3DEUR%26checkInDate%3D2025-04-09%26checkOutDate%3D2025-04-10%26trackPage%3Dno|title:R%C3%A9servations|target:_blank\u00a0\u00bb title=\u00a0\u00bbR\u00c9SERVER\u00a0\u00bb][vc_empty_space][\/vc_column_inner][\/vc_row_inner][vc_row_inner][vc_column_inner width=\u00a0\u00bb1\/4&Prime;][vc_single_image image=\u00a0\u00bb3687&Prime; onclick=\u00a0\u00bblink_image\u00a0\u00bb css=\u00a0\u00bb\u00a0\u00bb img_size=\u00a0\u00bblarge\u00a0\u00bb][\/vc_column_inner][vc_column_inner width=\u00a0\u00bb1\/4&Prime;][vc_single_image image=\u00a0\u00bb3675&Prime; onclick=\u00a0\u00bblink_image\u00a0\u00bb css=\u00a0\u00bb\u00a0\u00bb img_size=\u00a0\u00bblarge\u00a0\u00bb][\/vc_column_inner][vc_column_inner width=\u00a0\u00bb1\/4&Prime;][vc_single_image image=\u00a0\u00bb3681&Prime; onclick=\u00a0\u00bblink_image\u00a0\u00bb css=\u00a0\u00bb\u00a0\u00bb img_size=\u00a0\u00bblarge\u00a0\u00bb][\/vc_column_inner][vc_column_inner width=\u00a0\u00bb1\/4&Prime;][vc_single_image image=\u00a0\u00bb3694&Prime; onclick=\u00a0\u00bblink_image\u00a0\u00bb css=\u00a0\u00bb\u00a0\u00bb img_size=\u00a0\u00bblarge\u00a0\u00bb][\/vc_column_inner][\/vc_row_inner][\/vc_column][\/vc_row][vc_row gap=\u00a0\u00bb35&Prime; css=\u00a0\u00bb.vc_custom_1739877689787{padding-top: 4% !important;padding-right: 5% !important;padding-bottom: 5% !important;padding-left: 5% !important;background-color: #EAF5F6 !important;}\u00a0\u00bb][vc_column width=\u00a0\u00bb1\/2&Prime;][vc_column_text css=\u00a0\u00bb\u00a0\u00bb]\n<h2 class=\"thin-font\" style=\"text-align: left;\"><span style=\"font-size: 130%;\">Profitez de J\u00e1vea au bord de la plage<\/span><\/h2>\n[\/vc_column_text][vc_empty_space][vc_column_text css=\u00a0\u00bb\u00a0\u00bb]Situ\u00e9e en bord de mer \u00e0 J\u00e1vea, votre chambre a \u00e9t\u00e9 con\u00e7ue pour vous offrir confort, \u00e9l\u00e9gance et une exp\u00e9rience de d\u00e9tente unique.<\/p>\n<p>D\u00e9couvrez l&rsquo;H\u00f4tel Soul de J\u00e1vea sur la magnifique c\u00f4te d&rsquo;Alicante ! Directement sur la plage, profitez du soleil chaud, de vues imprenables et d&rsquo;une exp\u00e9rience relaxante et inoubliable. Nous avons h\u00e2te de vous voir ![\/vc_column_text][vc_empty_space][vc_row_inner][vc_column_inner width=\u00a0\u00bb1\/2&Prime;][vc_column_text css=\u00a0\u00bb\u00a0\u00bb]\u2713 Vue sur la mer<\/p>\n<p>\u2713 Wi-Fi gratuit<\/p>\n<p>\u2713 Service de chambre<\/p>\n<p>\u2713 Salle de bain priv\u00e9e avec commodit\u00e9s[\/vc_column_text][\/vc_column_inner][vc_column_inner width=\u00a0\u00bb1\/2&Prime;][vc_column_text css=\u00a0\u00bb\u00a0\u00bb]\u2713 Piscine<\/p>\n<p>\u2713 Solarium<\/p>\n<p>\u2713 Terrasse<\/p>\n<p>\u2713 Restaurant et bar \u00e0 cocktails[\/vc_column_text][\/vc_column_inner][\/vc_row_inner][vc_empty_space][\/vc_column][vc_column width=\u00a0\u00bb1\/2&Prime;][vc_single_image image=\u00a0\u00bb45&Prime; alignment=\u00a0\u00bbcenter\u00a0\u00bb css=\u00a0\u00bb\u00a0\u00bb img_size=\u00a0\u00bblarge\u00a0\u00bb][\/vc_column][\/vc_row]\n<\/div>","protected":false},"excerpt":{"rendered":"[vc_row css=\u00a0\u00bb.vc_custom_1739883029292{padding-top: 5% !important;padding-right: 5% !important;padding-bottom: 5% !important;padding-left: 5% !important;}\u00a0\u00bb][vc_column][vc_column_text css=\u00a0\u00bb\u00a0\u00bb] Chambre double avec vue mer [\/vc_column_text][vc_empty_space height=\u00a0\u00bb32px\u00a0\u00bb][vc_row_inner gap=\u00a0\u00bb35&Prime;][vc_column_inner width=\u00a0\u00bb1\/2&Prime;][vc_single_image image=\u00a0\u00bb3660&Prime; alignment=\u00a0\u00bbcenter\u00a0\u00bb css=\u00a0\u00bb\u00a0\u00bb img_size=\u00a0\u00bblarge\u00a0\u00bb][\/vc_column_inner][vc_column_inner width=\u00a0\u00bb1\/2&Prime;][vc_column_text css=\u00a0\u00bb\u00a0\u00bb]Les chambres doubles disposent d&rsquo;une salle de bain compl\u00e8te avec douche, d&rsquo;un lit double de 1,80 m\u00e8tre et d&rsquo;un balcon avec vue sur la mer \u00e0 J\u00e1vea.[\/vc_column_text][vc_column_text css=\u00a0\u00bb.vc_custom_1744186990968{border-bottom-width: 2% !important;}\u00a0\u00bb]Petit [&#8230;]\n","protected":false},"author":5,"featured_media":3660,"parent":0,"menu_order":0,"comment_status":"closed","ping_status":"closed","template":"page-blank.php","meta":{"footnotes":""},"class_list":["post-3253","page","type-page","status-publish","has-post-thumbnail","hentry"],"yoast_head":"<!-- This site is optimized with the Yoast SEO plugin v24.8.1 - https:\/\/yoast.com\/wordpress\/plugins\/seo\/ -->\n<title>Chambre double avec vue mer - Hotel Soul de J\u00e1vea<\/title>\n<meta name=\"robots\" content=\"index, follow, max-snippet:-1, max-image-preview:large, max-video-preview:-1\" \/>\n<link rel=\"canonical\" href=\"https:\/\/hotelsouldejavea.com\/fr\/chambre-double-avec-vue-mer\/\" \/>\n<meta property=\"og:locale\" content=\"fr_FR\" \/>\n<meta property=\"og:type\" content=\"article\" \/>\n<meta property=\"og:title\" content=\"Chambre double avec vue mer - Hotel Soul de J\u00e1vea\" \/>\n<meta property=\"og:description\" content=\"[vc_row css=\u00a0\u00bb.vc_custom_1739883029292{padding-top: 5% !important;padding-right: 5% !important;padding-bottom: 5% !important;padding-left: 5% !important;}\u00a0\u00bb][vc_column][vc_column_text css=\u00a0\u00bb\u00a0\u00bb] Chambre double avec vue mer [\/vc_column_text][vc_empty_space height=\u00a0\u00bb32px\u00a0\u00bb][vc_row_inner gap=\u00a0\u00bb35&Prime;][vc_column_inner width=\u00a0\u00bb1\/2&Prime;][vc_single_image image=\u00a0\u00bb3660&Prime; alignment=\u00a0\u00bbcenter\u00a0\u00bb css=\u00a0\u00bb\u00a0\u00bb img_size=\u00a0\u00bblarge\u00a0\u00bb][\/vc_column_inner][vc_column_inner width=\u00a0\u00bb1\/2&Prime;][vc_column_text css=\u00a0\u00bb\u00a0\u00bb]Les chambres doubles disposent d&rsquo;une salle de bain compl\u00e8te avec douche, d&rsquo;un lit double de 1,80 m\u00e8tre et d&rsquo;un balcon avec vue sur la mer \u00e0 J\u00e1vea.[\/vc_column_text][vc_column_text css=\u00a0\u00bb.vc_custom_1744186990968{border-bottom-width: 2% !important;}\u00a0\u00bb]Petit [...]\" \/>\n<meta property=\"og:url\" content=\"https:\/\/hotelsouldejavea.com\/fr\/chambre-double-avec-vue-mer\/\" \/>\n<meta property=\"og:site_name\" content=\"Hotel Soul de J\u00e1vea\" \/>\n<meta property=\"article:modified_time\" content=\"2025-04-15T09:03:46+00:00\" \/>\n<meta property=\"og:image\" content=\"https:\/\/hotelsouldejavea.com\/wp-content\/uploads\/2025\/04\/habitacion_doble_vista_al_al_mar.jpg\" \/>\n\t<meta property=\"og:image:width\" content=\"1024\" \/>\n\t<meta property=\"og:image:height\" content=\"683\" \/>\n\t<meta property=\"og:image:type\" content=\"image\/jpeg\" \/>\n<meta name=\"twitter:card\" content=\"summary_large_image\" \/>\n<meta name=\"twitter:label1\" content=\"Dur\u00e9e de lecture estim\u00e9e\" \/>\n\t<meta name=\"twitter:data1\" content=\"2 minutes\" \/>\n<script type=\"application\/ld+json\" class=\"yoast-schema-graph\">{\"@context\":\"https:\/\/schema.org\",\"@graph\":[{\"@type\":\"WebPage\",\"@id\":\"https:\/\/hotelsouldejavea.com\/fr\/chambre-double-avec-vue-mer\/\",\"url\":\"https:\/\/hotelsouldejavea.com\/fr\/chambre-double-avec-vue-mer\/\",\"name\":\"Chambre double avec vue mer - Hotel Soul de J\u00e1vea\",\"isPartOf\":{\"@id\":\"https:\/\/hotelsouldejavea.com\/fr\/#website\"},\"primaryImageOfPage\":{\"@id\":\"https:\/\/hotelsouldejavea.com\/fr\/chambre-double-avec-vue-mer\/#primaryimage\"},\"image\":{\"@id\":\"https:\/\/hotelsouldejavea.com\/fr\/chambre-double-avec-vue-mer\/#primaryimage\"},\"thumbnailUrl\":\"https:\/\/hotelsouldejavea.com\/wp-content\/uploads\/2025\/04\/habitacion_doble_vista_al_al_mar.jpg\",\"datePublished\":\"2023-07-12T16:18:48+00:00\",\"dateModified\":\"2025-04-15T09:03:46+00:00\",\"breadcrumb\":{\"@id\":\"https:\/\/hotelsouldejavea.com\/fr\/chambre-double-avec-vue-mer\/#breadcrumb\"},\"inLanguage\":\"fr-FR\",\"potentialAction\":[{\"@type\":\"ReadAction\",\"target\":[\"https:\/\/hotelsouldejavea.com\/fr\/chambre-double-avec-vue-mer\/\"]}]},{\"@type\":\"ImageObject\",\"inLanguage\":\"fr-FR\",\"@id\":\"https:\/\/hotelsouldejavea.com\/fr\/chambre-double-avec-vue-mer\/#primaryimage\",\"url\":\"https:\/\/hotelsouldejavea.com\/wp-content\/uploads\/2025\/04\/habitacion_doble_vista_al_al_mar.jpg\",\"contentUrl\":\"https:\/\/hotelsouldejavea.com\/wp-content\/uploads\/2025\/04\/habitacion_doble_vista_al_al_mar.jpg\",\"width\":1024,\"height\":683},{\"@type\":\"BreadcrumbList\",\"@id\":\"https:\/\/hotelsouldejavea.com\/fr\/chambre-double-avec-vue-mer\/#breadcrumb\",\"itemListElement\":[{\"@type\":\"ListItem\",\"position\":1,\"name\":\"Portada\",\"item\":\"https:\/\/hotelsouldejavea.com\/fr\/\"},{\"@type\":\"ListItem\",\"position\":2,\"name\":\"Chambre double avec vue mer\"}]},{\"@type\":\"WebSite\",\"@id\":\"https:\/\/hotelsouldejavea.com\/fr\/#website\",\"url\":\"https:\/\/hotelsouldejavea.com\/fr\/\",\"name\":\"Hotel Soul de J\u00e1vea\",\"description\":\"Hotel Soul de J\u00e1vea\",\"publisher\":{\"@id\":\"https:\/\/hotelsouldejavea.com\/fr\/#organization\"},\"potentialAction\":[{\"@type\":\"SearchAction\",\"target\":{\"@type\":\"EntryPoint\",\"urlTemplate\":\"https:\/\/hotelsouldejavea.com\/fr\/?s={search_term_string}\"},\"query-input\":{\"@type\":\"PropertyValueSpecification\",\"valueRequired\":true,\"valueName\":\"search_term_string\"}}],\"inLanguage\":\"fr-FR\"},{\"@type\":\"Organization\",\"@id\":\"https:\/\/hotelsouldejavea.com\/fr\/#organization\",\"name\":\"Hotel Soul de J\u00e1vea\",\"url\":\"https:\/\/hotelsouldejavea.com\/fr\/\",\"logo\":{\"@type\":\"ImageObject\",\"inLanguage\":\"fr-FR\",\"@id\":\"https:\/\/hotelsouldejavea.com\/fr\/#\/schema\/logo\/image\/\",\"url\":\"https:\/\/hotelsouldejavea.com\/wp-content\/uploads\/2025\/02\/hotel-soul-de-javea.png\",\"contentUrl\":\"https:\/\/hotelsouldejavea.com\/wp-content\/uploads\/2025\/02\/hotel-soul-de-javea.png\",\"width\":2182,\"height\":502,\"caption\":\"Hotel Soul de J\u00e1vea\"},\"image\":{\"@id\":\"https:\/\/hotelsouldejavea.com\/fr\/#\/schema\/logo\/image\/\"}}]}<\/script>\n<!-- \/ Yoast SEO plugin. -->","yoast_head_json":{"title":"Chambre double avec vue mer - Hotel Soul de J\u00e1vea","robots":{"index":"index","follow":"follow","max-snippet":"max-snippet:-1","max-image-preview":"max-image-preview:large","max-video-preview":"max-video-preview:-1"},"canonical":"https:\/\/hotelsouldejavea.com\/fr\/chambre-double-avec-vue-mer\/","og_locale":"fr_FR","og_type":"article","og_title":"Chambre double avec vue mer - Hotel Soul de J\u00e1vea","og_description":"[vc_row css=\u00a0\u00bb.vc_custom_1739883029292{padding-top: 5% !important;padding-right: 5% !important;padding-bottom: 5% !important;padding-left: 5% !important;}\u00a0\u00bb][vc_column][vc_column_text css=\u00a0\u00bb\u00a0\u00bb] Chambre double avec vue mer [\/vc_column_text][vc_empty_space height=\u00a0\u00bb32px\u00a0\u00bb][vc_row_inner gap=\u00a0\u00bb35&Prime;][vc_column_inner width=\u00a0\u00bb1\/2&Prime;][vc_single_image image=\u00a0\u00bb3660&Prime; alignment=\u00a0\u00bbcenter\u00a0\u00bb css=\u00a0\u00bb\u00a0\u00bb img_size=\u00a0\u00bblarge\u00a0\u00bb][\/vc_column_inner][vc_column_inner width=\u00a0\u00bb1\/2&Prime;][vc_column_text css=\u00a0\u00bb\u00a0\u00bb]Les chambres doubles disposent d&rsquo;une salle de bain compl\u00e8te avec douche, d&rsquo;un lit double de 1,80 m\u00e8tre et d&rsquo;un balcon avec vue sur la mer \u00e0 J\u00e1vea.[\/vc_column_text][vc_column_text css=\u00a0\u00bb.vc_custom_1744186990968{border-bottom-width: 2% !important;}\u00a0\u00bb]Petit [...]","og_url":"https:\/\/hotelsouldejavea.com\/fr\/chambre-double-avec-vue-mer\/","og_site_name":"Hotel Soul de J\u00e1vea","article_modified_time":"2025-04-15T09:03:46+00:00","og_image":[{"width":1024,"height":683,"url":"https:\/\/hotelsouldejavea.com\/wp-content\/uploads\/2025\/04\/habitacion_doble_vista_al_al_mar.jpg","type":"image\/jpeg"}],"twitter_card":"summary_large_image","twitter_misc":{"Dur\u00e9e de lecture estim\u00e9e":"2 minutes"},"schema":{"@context":"https:\/\/schema.org","@graph":[{"@type":"WebPage","@id":"https:\/\/hotelsouldejavea.com\/fr\/chambre-double-avec-vue-mer\/","url":"https:\/\/hotelsouldejavea.com\/fr\/chambre-double-avec-vue-mer\/","name":"Chambre double avec vue mer - Hotel Soul de J\u00e1vea","isPartOf":{"@id":"https:\/\/hotelsouldejavea.com\/fr\/#website"},"primaryImageOfPage":{"@id":"https:\/\/hotelsouldejavea.com\/fr\/chambre-double-avec-vue-mer\/#primaryimage"},"image":{"@id":"https:\/\/hotelsouldejavea.com\/fr\/chambre-double-avec-vue-mer\/#primaryimage"},"thumbnailUrl":"https:\/\/hotelsouldejavea.com\/wp-content\/uploads\/2025\/04\/habitacion_doble_vista_al_al_mar.jpg","datePublished":"2023-07-12T16:18:48+00:00","dateModified":"2025-04-15T09:03:46+00:00","breadcrumb":{"@id":"https:\/\/hotelsouldejavea.com\/fr\/chambre-double-avec-vue-mer\/#breadcrumb"},"inLanguage":"fr-FR","potentialAction":[{"@type":"ReadAction","target":["https:\/\/hotelsouldejavea.com\/fr\/chambre-double-avec-vue-mer\/"]}]},{"@type":"ImageObject","inLanguage":"fr-FR","@id":"https:\/\/hotelsouldejavea.com\/fr\/chambre-double-avec-vue-mer\/#primaryimage","url":"https:\/\/hotelsouldejavea.com\/wp-content\/uploads\/2025\/04\/habitacion_doble_vista_al_al_mar.jpg","contentUrl":"https:\/\/hotelsouldejavea.com\/wp-content\/uploads\/2025\/04\/habitacion_doble_vista_al_al_mar.jpg","width":1024,"height":683},{"@type":"BreadcrumbList","@id":"https:\/\/hotelsouldejavea.com\/fr\/chambre-double-avec-vue-mer\/#breadcrumb","itemListElement":[{"@type":"ListItem","position":1,"name":"Portada","item":"https:\/\/hotelsouldejavea.com\/fr\/"},{"@type":"ListItem","position":2,"name":"Chambre double avec vue mer"}]},{"@type":"WebSite","@id":"https:\/\/hotelsouldejavea.com\/fr\/#website","url":"https:\/\/hotelsouldejavea.com\/fr\/","name":"Hotel Soul de J\u00e1vea","description":"Hotel Soul de J\u00e1vea","publisher":{"@id":"https:\/\/hotelsouldejavea.com\/fr\/#organization"},"potentialAction":[{"@type":"SearchAction","target":{"@type":"EntryPoint","urlTemplate":"https:\/\/hotelsouldejavea.com\/fr\/?s={search_term_string}"},"query-input":{"@type":"PropertyValueSpecification","valueRequired":true,"valueName":"search_term_string"}}],"inLanguage":"fr-FR"},{"@type":"Organization","@id":"https:\/\/hotelsouldejavea.com\/fr\/#organization","name":"Hotel Soul de J\u00e1vea","url":"https:\/\/hotelsouldejavea.com\/fr\/","logo":{"@type":"ImageObject","inLanguage":"fr-FR","@id":"https:\/\/hotelsouldejavea.com\/fr\/#\/schema\/logo\/image\/","url":"https:\/\/hotelsouldejavea.com\/wp-content\/uploads\/2025\/02\/hotel-soul-de-javea.png","contentUrl":"https:\/\/hotelsouldejavea.com\/wp-content\/uploads\/2025\/02\/hotel-soul-de-javea.png","width":2182,"height":502,"caption":"Hotel Soul de J\u00e1vea"},"image":{"@id":"https:\/\/hotelsouldejavea.com\/fr\/#\/schema\/logo\/image\/"}}]}},"_links":{"self":[{"href":"https:\/\/hotelsouldejavea.com\/fr\/wp-json\/wp\/v2\/pages\/3253","targetHints":{"allow":["GET"]}}],"collection":[{"href":"https:\/\/hotelsouldejavea.com\/fr\/wp-json\/wp\/v2\/pages"}],"about":[{"href":"https:\/\/hotelsouldejavea.com\/fr\/wp-json\/wp\/v2\/types\/page"}],"author":[{"embeddable":true,"href":"https:\/\/hotelsouldejavea.com\/fr\/wp-json\/wp\/v2\/users\/5"}],"replies":[{"embeddable":true,"href":"https:\/\/hotelsouldejavea.com\/fr\/wp-json\/wp\/v2\/comments?post=3253"}],"version-history":[{"count":8,"href":"https:\/\/hotelsouldejavea.com\/fr\/wp-json\/wp\/v2\/pages\/3253\/revisions"}],"predecessor-version":[{"id":3781,"href":"https:\/\/hotelsouldejavea.com\/fr\/wp-json\/wp\/v2\/pages\/3253\/revisions\/3781"}],"wp:featuredmedia":[{"embeddable":true,"href":"https:\/\/hotelsouldejavea.com\/fr\/wp-json\/wp\/v2\/media\/3660"}],"wp:attachment":[{"href":"https:\/\/hotelsouldejavea.com\/fr\/wp-json\/wp\/v2\/media?parent=3253"}],"curies":[{"name":"wp","href":"https:\/\/api.w.org\/{rel}","templated":true}]}}